{"id":517,"date":"2025-05-22T12:34:09","date_gmt":"2025-05-22T10:34:09","guid":{"rendered":"https:\/\/fincalosbatanes.com\/hebergement\/"},"modified":"2025-07-09T16:13:56","modified_gmt":"2025-07-09T14:13:56","slug":"hebergement","status":"publish","type":"page","link":"https:\/\/fincalosbatanes.com\/fr\/hebergement\/","title":{"rendered":"H\u00e9bergement"},"content":{"rendered":"<p>[et_pb_section fb_built=\u00a0\u00bb1&Prime; fullwidth=\u00a0\u00bbon\u00a0\u00bb _builder_version=\u00a0\u00bb4.27.4&Prime; _module_preset=\u00a0\u00bbdefault\u00a0\u00bb global_colors_info=\u00a0\u00bb{}\u00a0\u00bb][et_pb_fullwidth_slider _builder_version=\u00a0\u00bb4.27.4&Prime; _module_preset=\u00a0\u00bbdefault\u00a0\u00bb header_font=\u00a0\u00bb|||on|||||\u00a0\u00bb header_text_align=\u00a0\u00bbleft\u00a0\u00bb header_font_size=\u00a0\u00bb35px\u00a0\u00bb body_text_align=\u00a0\u00bbcenter\u00a0\u00bb button_alignment=\u00a0\u00bbleft\u00a0\u00bb module_alignment=\u00a0\u00bbcenter\u00a0\u00bb content_width=\u00a0\u00bb90%\u00a0\u00bb content_max_width=\u00a0\u00bb900px\u00a0\u00bb min_height=\u00a0\u00bb30em\u00a0\u00bb min_height_tablet=\u00a0\u00bb25em\u00a0\u00bb min_height_phone=\u00a0\u00bb25em\u00a0\u00bb min_height_last_edited=\u00a0\u00bbon|tablet\u00a0\u00bb custom_padding=\u00a0\u00bb3em||3em||true|false\u00a0\u00bb auto=\u00a0\u00bbon\u00a0\u00bb auto_ignore_hover=\u00a0\u00bbon\u00a0\u00bb header_font_size_tablet=\u00a0\u00bb35px\u00a0\u00bb header_font_size_phone=\u00a0\u00bb30px\u00a0\u00bb header_font_size_last_edited=\u00a0\u00bbon|phone\u00a0\u00bb custom_css_free_form=\u00a0\u00bbselector .et_pb_slide_title:before{||  content:&rsquo;Chambres&rsquo;;||  display:block;||  text-align:center;||  font-size:20px;||  text-transform:none;||}\u00a0\u00bb custom_css_slide_description=\u00a0\u00bbmargin:auto;||text-align:center;||justify-items:center;\u00a0\u00bb custom_css_slide_title=\u00a0\u00bbmargin-bottom:0.5em;\u00a0\u00bb global_colors_info=\u00a0\u00bb{}\u00a0\u00bb custom_css_slide_description_last_edited=\u00a0\u00bboff|desktop\u00a0\u00bb custom_css_slide_description_tablet=\u00a0\u00bbmax-width:100%;\u00a0\u00bb custom_css_slide_description_phone=\u00a0\u00bbmax-width:100%;\u00a0\u00bb][et_pb_slide heading=\u00a0\u00bbMaison principale\u00a0\u00bb _builder_version=\u00a0\u00bb4.27.4&Prime; _module_preset=\u00a0\u00bbdefault\u00a0\u00bb header_level=\u00a0\u00bbh1&Prime; background_color=\u00a0\u00bbrgba(0,0,0,0.3)\u00a0\u00bb background_enable_color=\u00a0\u00bbon\u00a0\u00bb background_image=\u00a0\u00bbhttp:\/\/fincalosbatanes.com\/wp-content\/uploads\/2025\/05\/Mesa-de-trabajo-43.webp\u00a0\u00bb background_enable_image=\u00a0\u00bbon\u00a0\u00bb background_blend=\u00a0\u00bbmultiply\u00a0\u00bb background_last_edited=\u00a0\u00bboff|desktop\u00a0\u00bb use_background_color_gradient_tablet=\u00a0\u00bbon\u00a0\u00bb background_color_gradient_stops_tablet=\u00a0\u00bbrgba(216,216,216,0) 0%|rgba(10,2,2,0.4) 0%\u00a0\u00bb global_colors_info=\u00a0\u00bb{}\u00a0\u00bb sticky_transition=\u00a0\u00bbon\u00a0\u00bb]<\/p>\n<h3><em><strong>Dulcin\u00e9e<\/strong><\/em><\/h3>\n<p>Ce n\u2019est pas un hasard si elle est peinte en rouge passion et situ\u00e9e au premier \u00e9tage. \u00c9voquant la lettre que Don Quichotte \u00e9crivit \u00e0 Dulcin\u00e9e\u202f: \u00ab\u202fSouveraine et Haute Dame\u202f\u00bb, cette chambre nous plonge dans le romantisme et \u00ab\u202fla blessure des fibres du c\u0153ur\u202f\u00bb. <\/p>\n<p>[\/et_pb_slide][et_pb_slide heading=\u00a0\u00bbMaison principale\u00a0\u00bb _builder_version=\u00a0\u00bb4.27.4&Prime; _module_preset=\u00a0\u00bbdefault\u00a0\u00bb background_color=\u00a0\u00bbrgba(0,0,0,0.39)\u00a0\u00bb background_enable_color=\u00a0\u00bbon\u00a0\u00bb background_image=\u00a0\u00bbhttp:\/\/fincalosbatanes.com\/wp-content\/uploads\/2025\/06\/slider-alojamiento-finca-los-batanes-4.webp\u00a0\u00bb background_enable_image=\u00a0\u00bbon\u00a0\u00bb background_blend=\u00a0\u00bbmultiply\u00a0\u00bb background_last_edited=\u00a0\u00bboff|desktop\u00a0\u00bb use_background_color_gradient_tablet=\u00a0\u00bbon\u00a0\u00bb background_color_gradient_stops_tablet=\u00a0\u00bbrgba(216,216,216,0) 0%|rgba(10,2,2,0.4) 0%\u00a0\u00bb global_colors_info=\u00a0\u00bb{}\u00a0\u00bb sticky_transition=\u00a0\u00bbon\u00a0\u00bb]<\/p>\n<h3><em><strong>Luscinde<\/strong><\/em><\/h3>\n<p>Au deuxi\u00e8me \u00e9tage de la maison, Luscinde est repr\u00e9sent\u00e9e, tout comme dans le Quichotte, baign\u00e9e d&rsquo;une lumi\u00e8re \u00e9blouissante et ouverte sur la vaste vue du jardin. Splendide. <\/p>\n<p>[\/et_pb_slide][et_pb_slide heading=\u00a0\u00bbMaison principale\u00a0\u00bb _builder_version=\u00a0\u00bb4.27.4&Prime; _module_preset=\u00a0\u00bbdefault\u00a0\u00bb background_color=\u00a0\u00bbrgba(0,0,0,0.5)\u00a0\u00bb background_enable_color=\u00a0\u00bbon\u00a0\u00bb background_image=\u00a0\u00bbhttp:\/\/fincalosbatanes.com\/wp-content\/uploads\/2025\/06\/slider-alojamiento-finca-los-batanes-5.webp\u00a0\u00bb background_enable_image=\u00a0\u00bbon\u00a0\u00bb background_blend=\u00a0\u00bbmultiply\u00a0\u00bb background_last_edited=\u00a0\u00bboff|desktop\u00a0\u00bb use_background_color_gradient_tablet=\u00a0\u00bbon\u00a0\u00bb background_color_gradient_stops_tablet=\u00a0\u00bbrgba(216,216,216,0) 0%|rgba(10,2,2,0.4) 0%\u00a0\u00bb global_colors_info=\u00a0\u00bb{}\u00a0\u00bb sticky_transition=\u00a0\u00bbon\u00a0\u00bb]<\/p>\n<h3><em><strong>Zora\u00efde<\/strong><\/em><\/h3>\n<p>Fid\u00e8le \u00e0 la signification de Zora\u00efde, \u00ab\u202fla captivante\u202f\u00bb, cette chambre s\u2019av\u00e8re effectivement envo\u00fbtante et tout en subtilit\u00e9. Avec vue sur le jardin, elle se trouve juste \u00e0 c\u00f4t\u00e9 de Luscinde. <\/p>\n<p>[\/et_pb_slide][et_pb_slide heading=\u00a0\u00bbMaison principale\u00a0\u00bb _builder_version=\u00a0\u00bb4.27.4&Prime; _module_preset=\u00a0\u00bbdefault\u00a0\u00bb background_color=\u00a0\u00bbrgba(0,0,0,0.27)\u00a0\u00bb background_enable_color=\u00a0\u00bbon\u00a0\u00bb background_image=\u00a0\u00bbhttp:\/\/fincalosbatanes.com\/wp-content\/uploads\/2025\/06\/slider-alojamiento-finca-los-batanes-2.webp\u00a0\u00bb background_enable_image=\u00a0\u00bbon\u00a0\u00bb background_blend=\u00a0\u00bbmultiply\u00a0\u00bb background_last_edited=\u00a0\u00bboff|desktop\u00a0\u00bb use_background_color_gradient_tablet=\u00a0\u00bbon\u00a0\u00bb background_color_gradient_stops_tablet=\u00a0\u00bbrgba(216,216,216,0) 0%|rgba(10,2,2,0.4) 0%\u00a0\u00bb global_colors_info=\u00a0\u00bb{}\u00a0\u00bb sticky_transition=\u00a0\u00bbon\u00a0\u00bb]<\/p>\n<h3><em><strong>Maritornes<\/strong><\/em><\/h3>\n<p>Maritornes, fille de l\u2019aubergiste dans le Quichotte, est pr\u00e9sent\u00e9e comme sobre, et sa proximit\u00e9 avec la suite de la Maison Principale en fait un parfait compl\u00e9ment.<\/p>\n<p>[\/et_pb_slide][et_pb_slide heading=\u00a0\u00bbMaison principale\u00a0\u00bb _builder_version=\u00a0\u00bb4.27.4&Prime; _module_preset=\u00a0\u00bbdefault\u00a0\u00bb background_enable_color=\u00a0\u00bboff\u00a0\u00bb background_image=\u00a0\u00bbhttp:\/\/fincalosbatanes.com\/wp-content\/uploads\/2025\/06\/slider-alojamiento-finca-los-batanes-3.webp\u00a0\u00bb background_enable_image=\u00a0\u00bbon\u00a0\u00bb background_last_edited=\u00a0\u00bboff|desktop\u00a0\u00bb use_background_color_gradient_tablet=\u00a0\u00bbon\u00a0\u00bb background_color_gradient_stops_tablet=\u00a0\u00bbrgba(216,216,216,0) 0%|rgba(10,2,2,0.4) 0%\u00a0\u00bb global_colors_info=\u00a0\u00bb{}\u00a0\u00bb sticky_transition=\u00a0\u00bbon\u00a0\u00bb]<\/p>\n<h3><em><strong>Doroth\u00e9e<\/strong><\/em><\/h3>\n<p>Comme le d\u00e9crit Cardenio, Doroth\u00e9e se r\u00e9v\u00e8le d\u2019une beaut\u00e9 incomparable. C\u2019est pourquoi elle constitue la Suite de la maison. <\/p>\n<p>[\/et_pb_slide][\/et_pb_fullwidth_slider][\/et_pb_section][et_pb_section fb_built=\u00a0\u00bb1&Prime; _builder_version=\u00a0\u00bb4.27.4&Prime; _module_preset=\u00a0\u00bbdefault\u00a0\u00bb background_image=\u00a0\u00bbhttp:\/\/fincalosbatanes.com\/wp-content\/uploads\/2025\/05\/finca-los-batanes-contacto-fondo.webp\u00a0\u00bb background_size=\u00a0\u00bbinitial\u00a0\u00bb background_position=\u00a0\u00bbbottom_center\u00a0\u00bb custom_padding=\u00a0\u00bb0px||0px||true|false\u00a0\u00bb global_colors_info=\u00a0\u00bb{}\u00a0\u00bb][et_pb_row _builder_version=\u00a0\u00bb4.27.4&Prime; _module_preset=\u00a0\u00bbdefault\u00a0\u00bb width=\u00a0\u00bb90%\u00a0\u00bb custom_padding=\u00a0\u00bb3em||3em||true|false\u00a0\u00bb global_colors_info=\u00a0\u00bb{}\u00a0\u00bb][et_pb_column type=\u00a0\u00bb4_4&Prime; _builder_version=\u00a0\u00bb4.27.4&Prime; _module_preset=\u00a0\u00bbdefault\u00a0\u00bb global_colors_info=\u00a0\u00bb{}\u00a0\u00bb][et_pb_text _builder_version=\u00a0\u00bb4.27.4&Prime; _module_preset=\u00a0\u00bbdefault\u00a0\u00bb text_font_size=\u00a0\u00bb25px\u00a0\u00bb text_orientation=\u00a0\u00bbcenter\u00a0\u00bb custom_margin=\u00a0\u00bb||1em||false|false\u00a0\u00bb hover_enabled=\u00a0\u00bb0&Prime; global_colors_info=\u00a0\u00bb{}\u00a0\u00bb sticky_enabled=\u00a0\u00bb0&Prime;]<\/p>\n<p>Finca Los Batanes, une<em><strong> oasis de s\u00e9r\u00e9nit\u00e9 <\/strong><\/em>dans un cadre privil\u00e9gi\u00e9<\/p>\n<p>[\/et_pb_text][et_pb_image src=\u00a0\u00bbhttp:\/\/fincalosbatanes.com\/wp-content\/uploads\/2025\/05\/icono-alojamiento.svg\u00a0\u00bb title_text=\u00a0\u00bbic\u00f4ne-h\u00e9bergement\u00a0\u00bb _builder_version=\u00a0\u00bb4.27.4&Prime; _module_preset=\u00a0\u00bbdefault\u00a0\u00bb max_width=\u00a0\u00bb60px\u00a0\u00bb module_alignment=\u00a0\u00bbcenter\u00a0\u00bb global_colors_info=\u00a0\u00bb{}\u00a0\u00bb][\/et_pb_image][\/et_pb_column][\/et_pb_row][et_pb_row _builder_version=\u00a0\u00bb4.27.4&Prime; _module_preset=\u00a0\u00bbdefault\u00a0\u00bb width=\u00a0\u00bb90%\u00a0\u00bb global_colors_info=\u00a0\u00bb{}\u00a0\u00bb][et_pb_column type=\u00a0\u00bb4_4&Prime; _builder_version=\u00a0\u00bb4.27.4&Prime; _module_preset=\u00a0\u00bbdefault\u00a0\u00bb global_colors_info=\u00a0\u00bb{}\u00a0\u00bb][et_pb_text _builder_version=\u00a0\u00bb4.27.4&Prime; _module_preset=\u00a0\u00bbdefault\u00a0\u00bb text_font_size=\u00a0\u00bb18px\u00a0\u00bb text_line_height=\u00a0\u00bb1.8em\u00a0\u00bb text_orientation=\u00a0\u00bbcenter\u00a0\u00bb max_width=\u00a0\u00bb1080px\u00a0\u00bb module_alignment=\u00a0\u00bbcenter\u00a0\u00bb hover_enabled=\u00a0\u00bb0&Prime; global_colors_info=\u00a0\u00bb{}\u00a0\u00bb sticky_enabled=\u00a0\u00bb0&Prime;]<\/p>\n<p>Finca Los Batanes comprend une maison principale avec cinq chambres, une cuisine, un salon, une salle \u00e0 manger, une terrasse et un acc\u00e8s direct au jardin et \u00e0 la piscine. Elle dispose \u00e9galement de trois appartements ind\u00e9pendants, chacun avec deux chambres, un salon, une salle de bain et une cuisine. Vous trouverez aussi un court de tennis, un jardin et une piscine. Finca Los Batanes peut accueillir environ vingt personnes avec enfants, pour un s\u00e9jour minimum de deux nuits.<\/p>\n<p>Dans chaque recoin de Finca Los Batanes, on respire l\u2019histoire et l\u2019authenticit\u00e9, associ\u00e9es au confort moderne. Un lieu o\u00f9 tradition et modernit\u00e9 se m\u00ealent pour offrir un s\u00e9jour unique, empreint de calme et de charme.<\/p>\n<p>[\/et_pb_text][\/et_pb_column][\/et_pb_row][et_pb_row _builder_version=\u00a0\u00bb4.27.4&Prime; _module_preset=\u00a0\u00bbdefault\u00a0\u00bb width=\u00a0\u00bb90%\u00a0\u00bb custom_padding=\u00a0\u00bb3em||3em||true|false\u00a0\u00bb global_colors_info=\u00a0\u00bb{}\u00a0\u00bb][et_pb_column type=\u00a0\u00bb4_4&Prime; _builder_version=\u00a0\u00bb4.27.4&Prime; _module_preset=\u00a0\u00bbdefault\u00a0\u00bb global_colors_info=\u00a0\u00bb{}\u00a0\u00bb][et_pb_text _builder_version=\u00a0\u00bb4.27.4&Prime; _module_preset=\u00a0\u00bbdefault\u00a0\u00bb text_font_size=\u00a0\u00bb25px\u00a0\u00bb text_orientation=\u00a0\u00bbcenter\u00a0\u00bb custom_margin=\u00a0\u00bb||1em||false|false\u00a0\u00bb global_colors_info=\u00a0\u00bb{}\u00a0\u00bb]<\/p>\n<p><em><strong>Contactez<\/strong><\/em>-nous d\u00e8s maintenant<\/p>\n<p>[\/et_pb_text][et_pb_code _builder_version=\u00a0\u00bb4.27.4&Prime; _module_preset=\u00a0\u00bbdefault\u00a0\u00bb max_width=\u00a0\u00bb600px\u00a0\u00bb module_alignment=\u00a0\u00bbcenter\u00a0\u00bb global_colors_info=\u00a0\u00bb{}\u00a0\u00bb]\n<div class=\"wpcf7 no-js\" id=\"wpcf7-f544-o1\" lang=\"es-ES\" dir=\"ltr\" data-wpcf7-id=\"544\">\n<div class=\"screen-reader-response\"><p role=\"status\" aria-live=\"polite\" aria-atomic=\"true\"><\/p> <ul><\/ul><\/div>\n<form action=\"\/fr\/wp-json\/wp\/v2\/pages\/517#wpcf7-f544-o1\" method=\"post\" class=\"wpcf7-form init\" aria-label=\"Formulario de contacto\" novalidate=\"novalidate\" data-status=\"init\">\n<fieldset class=\"hidden-fields-container\"><input type=\"hidden\" name=\"_wpcf7\" value=\"544\" \/><input type=\"hidden\" name=\"_wpcf7_version\" value=\"6.1\" \/><input type=\"hidden\" name=\"_wpcf7_locale\" value=\"es_ES\" \/><input type=\"hidden\" name=\"_wpcf7_unit_tag\" value=\"wpcf7-f544-o1\" \/><input type=\"hidden\" name=\"_wpcf7_container_post\" value=\"0\" \/><input type=\"hidden\" name=\"_wpcf7_posted_data_hash\" value=\"\" \/>\n<\/fieldset>\n<div class=\"form-izq\">\n\t<p><span class=\"wpcf7-form-control-wrap\" data-name=\"nombre\"><input size=\"40\" maxlength=\"400\" class=\"wpcf7-form-control wpcf7-text wpcf7-validates-as-required\" autocomplete=\"name\" aria-required=\"true\" aria-invalid=\"false\" placeholder=\"Nom *\" value=\"\" type=\"text\" name=\"nombre\" \/><\/span><br \/>\n<span class=\"wpcf7-form-control-wrap\" data-name=\"telefono\"><input size=\"40\" maxlength=\"400\" class=\"wpcf7-form-control wpcf7-tel wpcf7-validates-as-required wpcf7-text wpcf7-validates-as-tel\" autocomplete=\"tel\" aria-required=\"true\" aria-invalid=\"false\" placeholder=\"T\u00e9l\u00e9phone *\" value=\"\" type=\"tel\" name=\"telefono\" \/><\/span><br \/>\n<span class=\"wpcf7-form-control-wrap\" data-name=\"your-email\"><input size=\"40\" maxlength=\"400\" class=\"wpcf7-form-control wpcf7-email wpcf7-validates-as-required wpcf7-text wpcf7-validates-as-email\" autocomplete=\"email\" aria-required=\"true\" aria-invalid=\"false\" placeholder=\"Email *\" value=\"\" type=\"email\" name=\"your-email\" \/><\/span>\n\t<\/p>\n<\/div>\n<div class=\"form-dch\">\n\t<p><span class=\"wpcf7-form-control-wrap\" data-name=\"mensaje\"><textarea cols=\"40\" rows=\"10\" maxlength=\"2000\" class=\"wpcf7-form-control wpcf7-textarea\" aria-invalid=\"false\" placeholder=\"\u00c9crivez ici votre demande...\" name=\"mensaje\"><\/textarea><\/span>\n\t<\/p>\n<\/div>\n<div class=\"form-full\">\n\t<p>*Les champs marqu\u00e9s d\u2019un ast\u00e9risque sont obligatoires\n\t<\/p>\n\t<p><span id=\"wpcf7-69f2862c359bf-wrapper\" class=\"wpcf7-form-control-wrap email-wrap\" style=\"display:none !important; visibility:hidden !important;\"><label for=\"wpcf7-69f2862c359bf-field\" class=\"hp-message\">Por favor, deja este campo vac\u00edo.<\/label><input id=\"wpcf7-69f2862c359bf-field\"  class=\"wpcf7-form-control wpcf7-text\" type=\"text\" name=\"email\" value=\"\" size=\"40\" tabindex=\"-1\" autocomplete=\"new-password\" \/><\/span><br \/>\n<label class=\"privacidad\"><span class=\"wpcf7-form-control-wrap\" data-name=\"privacidad\"><span class=\"wpcf7-form-control wpcf7-acceptance\"><span class=\"wpcf7-list-item\"><input type=\"checkbox\" name=\"privacidad\" value=\"1\" aria-invalid=\"false\" \/><\/span><\/span><\/span> J\u2019ai lu et j\u2019accepte la <a href='\/politica-de-privacidad\/' target='_blank'>Politique de confidentialit\u00e9<\/a><\/label><br \/>\n<input class=\"wpcf7-form-control wpcf7-submit has-spinner\" type=\"submit\" value=\"Envoyer\" \/>\n\t<\/p>\n<\/div><div class=\"wpcf7-response-output\" aria-hidden=\"true\"><\/div>\n<\/form>\n<\/div>\n[\/et_pb_code][et_pb_image src=\u00a0\u00bbhttp:\/\/fincalosbatanes.com\/wp-content\/uploads\/2025\/05\/icono-olivo.svg\u00a0\u00bb title_text=\u00a0\u00bbic\u00f4ne-olivier\u00a0\u00bb _builder_version=\u00a0\u00bb4.27.4&Prime; _module_preset=\u00a0\u00bbdefault\u00a0\u00bb max_width=\u00a0\u00bb80px\u00a0\u00bb module_alignment=\u00a0\u00bbcenter\u00a0\u00bb global_colors_info=\u00a0\u00bb{}\u00a0\u00bb][\/et_pb_image][\/et_pb_column][\/et_pb_row][\/et_pb_section]<\/p>\n","protected":false},"excerpt":{"rendered":"<p>Dulcin\u00e9e Ce n\u2019est pas un hasard si elle est peinte en rouge passion et situ\u00e9e au premier \u00e9tage. \u00c9voquant la lettre que Don Quichotte \u00e9crivit \u00e0 Dulcin\u00e9e\u202f: \u00ab\u202fSouveraine et Haute Dame\u202f\u00bb, cette chambre nous plonge dans le romantisme et \u00ab\u202fla blessure des fibres du c\u0153ur\u202f\u00bb. Luscinde Au deuxi\u00e8me \u00e9tage de la maison, Luscinde est repr\u00e9sent\u00e9e, [&hellip;]<\/p>\n","protected":false},"author":1,"featured_media":0,"parent":0,"menu_order":0,"comment_status":"closed","ping_status":"closed","template":"","meta":{"_et_pb_use_builder":"on","_et_pb_old_content":"","_et_gb_content_width":"","inline_featured_image":false,"footnotes":""},"class_list":["post-517","page","type-page","status-publish","hentry"],"yoast_head":"<!-- This site is optimized with the Yoast SEO plugin v25.4 - https:\/\/yoast.com\/wordpress\/plugins\/seo\/ -->\n<title>H\u00e9bergement \u00e0 Alc\u00e1zar de San Juan | Finca Los Batanes<\/title>\n<meta name=\"description\" content=\"H\u00e9bergement rural \u00e0 Finca Los Batanes, Alc\u00e1zar de San Juan. Nature et d\u00e9tente dans un cadre privil\u00e9gi\u00e9 de Ciudad Real.\" \/>\n<meta name=\"robots\" content=\"index, follow, max-snippet:-1, max-image-preview:large, max-video-preview:-1\" \/>\n<link rel=\"canonical\" href=\"https:\/\/fincalosbatanes.com\/fr\/hebergement\/\" \/>\n<meta property=\"og:locale\" content=\"fr_FR\" \/>\n<meta property=\"og:type\" content=\"article\" \/>\n<meta property=\"og:title\" content=\"H\u00e9bergement \u00e0 Alc\u00e1zar de San Juan | Finca Los Batanes\" \/>\n<meta property=\"og:description\" content=\"H\u00e9bergement rural \u00e0 Finca Los Batanes, Alc\u00e1zar de San Juan. Nature et d\u00e9tente dans un cadre privil\u00e9gi\u00e9 de Ciudad Real.\" \/>\n<meta property=\"og:url\" content=\"https:\/\/fincalosbatanes.com\/fr\/hebergement\/\" \/>\n<meta property=\"og:site_name\" content=\"Finca los Batanes\" \/>\n<meta property=\"article:modified_time\" content=\"2025-07-09T14:13:56+00:00\" \/>\n<meta name=\"twitter:card\" content=\"summary_large_image\" \/>\n<meta name=\"twitter:label1\" content=\"Dur\u00e9e de lecture estim\u00e9e\" \/>\n\t<meta name=\"twitter:data1\" content=\"6 minutes\" \/>\n<script type=\"application\/ld+json\" class=\"yoast-schema-graph\">{\"@context\":\"https:\/\/schema.org\",\"@graph\":[{\"@type\":\"WebPage\",\"@id\":\"https:\/\/fincalosbatanes.com\/fr\/hebergement\/\",\"url\":\"https:\/\/fincalosbatanes.com\/fr\/hebergement\/\",\"name\":\"H\u00e9bergement \u00e0 Alc\u00e1zar de San Juan | Finca Los Batanes\",\"isPartOf\":{\"@id\":\"http:\/\/fincalosbatanes.com\/fr\/#website\"},\"datePublished\":\"2025-05-22T10:34:09+00:00\",\"dateModified\":\"2025-07-09T14:13:56+00:00\",\"description\":\"H\u00e9bergement rural \u00e0 Finca Los Batanes, Alc\u00e1zar de San Juan. Nature et d\u00e9tente dans un cadre privil\u00e9gi\u00e9 de Ciudad Real.\",\"breadcrumb\":{\"@id\":\"https:\/\/fincalosbatanes.com\/fr\/hebergement\/#breadcrumb\"},\"inLanguage\":\"fr-FR\",\"potentialAction\":[{\"@type\":\"ReadAction\",\"target\":[\"https:\/\/fincalosbatanes.com\/fr\/hebergement\/\"]}]},{\"@type\":\"BreadcrumbList\",\"@id\":\"https:\/\/fincalosbatanes.com\/fr\/hebergement\/#breadcrumb\",\"itemListElement\":[{\"@type\":\"ListItem\",\"position\":1,\"name\":\"Portada\",\"item\":\"http:\/\/fincalosbatanes.com\/fr\/\"},{\"@type\":\"ListItem\",\"position\":2,\"name\":\"H\u00e9bergement\"}]},{\"@type\":\"WebSite\",\"@id\":\"http:\/\/fincalosbatanes.com\/fr\/#website\",\"url\":\"http:\/\/fincalosbatanes.com\/fr\/\",\"name\":\"Finca los Batanes\",\"description\":\"\",\"potentialAction\":[{\"@type\":\"SearchAction\",\"target\":{\"@type\":\"EntryPoint\",\"urlTemplate\":\"http:\/\/fincalosbatanes.com\/fr\/?s={search_term_string}\"},\"query-input\":{\"@type\":\"PropertyValueSpecification\",\"valueRequired\":true,\"valueName\":\"search_term_string\"}}],\"inLanguage\":\"fr-FR\"}]}<\/script>\n<!-- \/ Yoast SEO plugin. -->","yoast_head_json":{"title":"H\u00e9bergement \u00e0 Alc\u00e1zar de San Juan | Finca Los Batanes","description":"H\u00e9bergement rural \u00e0 Finca Los Batanes, Alc\u00e1zar de San Juan. Nature et d\u00e9tente dans un cadre privil\u00e9gi\u00e9 de Ciudad Real.","robots":{"index":"index","follow":"follow","max-snippet":"max-snippet:-1","max-image-preview":"max-image-preview:large","max-video-preview":"max-video-preview:-1"},"canonical":"https:\/\/fincalosbatanes.com\/fr\/hebergement\/","og_locale":"fr_FR","og_type":"article","og_title":"H\u00e9bergement \u00e0 Alc\u00e1zar de San Juan | Finca Los Batanes","og_description":"H\u00e9bergement rural \u00e0 Finca Los Batanes, Alc\u00e1zar de San Juan. Nature et d\u00e9tente dans un cadre privil\u00e9gi\u00e9 de Ciudad Real.","og_url":"https:\/\/fincalosbatanes.com\/fr\/hebergement\/","og_site_name":"Finca los Batanes","article_modified_time":"2025-07-09T14:13:56+00:00","twitter_card":"summary_large_image","twitter_misc":{"Dur\u00e9e de lecture estim\u00e9e":"6 minutes"},"schema":{"@context":"https:\/\/schema.org","@graph":[{"@type":"WebPage","@id":"https:\/\/fincalosbatanes.com\/fr\/hebergement\/","url":"https:\/\/fincalosbatanes.com\/fr\/hebergement\/","name":"H\u00e9bergement \u00e0 Alc\u00e1zar de San Juan | Finca Los Batanes","isPartOf":{"@id":"http:\/\/fincalosbatanes.com\/fr\/#website"},"datePublished":"2025-05-22T10:34:09+00:00","dateModified":"2025-07-09T14:13:56+00:00","description":"H\u00e9bergement rural \u00e0 Finca Los Batanes, Alc\u00e1zar de San Juan. Nature et d\u00e9tente dans un cadre privil\u00e9gi\u00e9 de Ciudad Real.","breadcrumb":{"@id":"https:\/\/fincalosbatanes.com\/fr\/hebergement\/#breadcrumb"},"inLanguage":"fr-FR","potentialAction":[{"@type":"ReadAction","target":["https:\/\/fincalosbatanes.com\/fr\/hebergement\/"]}]},{"@type":"BreadcrumbList","@id":"https:\/\/fincalosbatanes.com\/fr\/hebergement\/#breadcrumb","itemListElement":[{"@type":"ListItem","position":1,"name":"Portada","item":"http:\/\/fincalosbatanes.com\/fr\/"},{"@type":"ListItem","position":2,"name":"H\u00e9bergement"}]},{"@type":"WebSite","@id":"http:\/\/fincalosbatanes.com\/fr\/#website","url":"http:\/\/fincalosbatanes.com\/fr\/","name":"Finca los Batanes","description":"","potentialAction":[{"@type":"SearchAction","target":{"@type":"EntryPoint","urlTemplate":"http:\/\/fincalosbatanes.com\/fr\/?s={search_term_string}"},"query-input":{"@type":"PropertyValueSpecification","valueRequired":true,"valueName":"search_term_string"}}],"inLanguage":"fr-FR"}]}},"_links":{"self":[{"href":"https:\/\/fincalosbatanes.com\/fr\/wp-json\/wp\/v2\/pages\/517","targetHints":{"allow":["GET"]}}],"collection":[{"href":"https:\/\/fincalosbatanes.com\/fr\/wp-json\/wp\/v2\/pages"}],"about":[{"href":"https:\/\/fincalosbatanes.com\/fr\/wp-json\/wp\/v2\/types\/page"}],"author":[{"embeddable":true,"href":"https:\/\/fincalosbatanes.com\/fr\/wp-json\/wp\/v2\/users\/1"}],"replies":[{"embeddable":true,"href":"https:\/\/fincalosbatanes.com\/fr\/wp-json\/wp\/v2\/comments?post=517"}],"version-history":[{"count":5,"href":"https:\/\/fincalosbatanes.com\/fr\/wp-json\/wp\/v2\/pages\/517\/revisions"}],"predecessor-version":[{"id":633,"href":"https:\/\/fincalosbatanes.com\/fr\/wp-json\/wp\/v2\/pages\/517\/revisions\/633"}],"wp:attachment":[{"href":"https:\/\/fincalosbatanes.com\/fr\/wp-json\/wp\/v2\/media?parent=517"}],"curies":[{"name":"wp","href":"https:\/\/api.w.org\/{rel}","templated":true}]}}